{"id":3468,"date":"2021-07-05T18:18:54","date_gmt":"2021-07-05T16:18:54","guid":{"rendered":"https:\/\/www.musikfabrik.eu\/ensemble\/team\/"},"modified":"2026-03-05T17:36:03","modified_gmt":"2026-03-05T16:36:03","slug":"team","status":"publish","type":"page","link":"https:\/\/www.musikfabrik.eu\/en\/ensemble\/team\/","title":{"rendered":"Team"},"content":{"rendered":"<div class=\"ce ce-headline pt-large\">\n    <div class=\"container\">\n        <div class=\"row\">\n            <div class=\"col\">\n\t\t\t\t<h1>Team<\/h1>            <\/div>\n        <\/div>\n    <\/div>\n<\/div>\n<div class=\"ce ce-onecol \" >\r\n    <div class=\"container\">\r\n        <div class=\"row\">\r\n            <div class=\"col\">\r\n\t\t\t\t<p><strong>Ensemble Musikfabrik | Landesensemble Nordrhein-Westfalen e. V.<\/strong><\/p>\n<p>Im Mediapark 7 | 50670 K\u00f6ln<br \/>\nFon | +49(0)221.7194 7194 0<br \/>\nFax | +49(0)221.7194 7194 7<br \/>\ne-mail | <a href=\"mailto:musikFabrik@musikFabrik.eu\">Musikfabrik@Musikfabrik.eu<\/a><\/p>\n            <\/div>\r\n        <\/div>\r\n    <\/div>\r\n<\/div>\r\n<div class=\"ce ce-accordion pt-large\">\n  <div class=\"container\">\n    <div class=\"row\">\n      <div class=\"col\">\n        <div class=\"accordion\"><div class=\"accordion-panel\" data-panel-id=\"executive-director\">\n    <div class=\"accordion-headline\">\n        <div class=\"accordion-headline-inner\">\n            <h4>Executive Director<span class=\"accordion-toggle-btn\"><\/span><\/h4>\n        <\/div>\n    <\/div>\n    <div class=\"accordion-content\">\n        <div class=\"accordion-content-inner\"><div class=\"ce ce-team \">\n    <div class=\"container\">\n        <div class=\"row\">\n                            <div class=\"team-member\">\n                    <figure>\n\t                    <img decoding=\"async\" width=\"800\" height=\"870\" src=\"https:\/\/www.musikfabrik.eu\/wp-content\/uploads\/2025\/05\/Gregor-Hotz-\u00a9-Victoria-Alexandrova.jpg\" class=\"attachment-full size-full\" alt=\"\" srcset=\"https:\/\/www.musikfabrik.eu\/wp-content\/uploads\/2025\/05\/Gregor-Hotz-\u00a9-Victoria-Alexandrova.jpg 800w, https:\/\/www.musikfabrik.eu\/wp-content\/uploads\/2025\/05\/Gregor-Hotz-\u00a9-Victoria-Alexandrova-276x300.jpg 276w, https:\/\/www.musikfabrik.eu\/wp-content\/uploads\/2025\/05\/Gregor-Hotz-\u00a9-Victoria-Alexandrova-768x835.jpg 768w\" sizes=\"(max-width: 800px) 100vw, 800px\" \/>                                                    <figcaption>\n\t                                                                <a href=\"mailto:musikfabrik@musikfabrik.eu\">\n\t                                    Gregor Hotz                                    <\/a>\n                                                            <\/figcaption>\n                                            <\/figure>\n                <\/div>\n                    <\/div>\n    <\/div>\n<\/div>\n<\/div><\/div><\/div><div class=\"accordion-panel\" data-panel-id=\"projectmanagement\">\n    <div class=\"accordion-headline\">\n        <div class=\"accordion-headline-inner\">\n            <h4>Projectmanagement<span class=\"accordion-toggle-btn\"><\/span><\/h4>\n        <\/div>\n    <\/div>\n    <div class=\"accordion-content\">\n        <div class=\"accordion-content-inner\"><div class=\"ce ce-team \">\n    <div class=\"container\">\n        <div class=\"row\">\n                            <div class=\"team-member\">\n                    <figure>\n\t                    <img decoding=\"async\" width=\"800\" height=\"530\" src=\"https:\/\/www.musikfabrik.eu\/wp-content\/uploads\/2021\/10\/Teaser-dummy_grau.jpg\" class=\"attachment-full size-full\" alt=\"\" srcset=\"https:\/\/www.musikfabrik.eu\/wp-content\/uploads\/2021\/10\/Teaser-dummy_grau.jpg 800w, https:\/\/www.musikfabrik.eu\/wp-content\/uploads\/2021\/10\/Teaser-dummy_grau-300x199.jpg 300w, https:\/\/www.musikfabrik.eu\/wp-content\/uploads\/2021\/10\/Teaser-dummy_grau-768x509.jpg 768w\" sizes=\"(max-width: 800px) 100vw, 800px\" \/>                                                    <figcaption>\n\t                                                                <a href=\"mailto:Michael.Boelter@musikfabrik.eu\">\n\t                                    Michael B\u00f6lter                                    <\/a>\n                                                            <\/figcaption>\n                                            <\/figure>\n                <\/div>\n                            <div class=\"team-member\">\n                    <figure>\n\t                    <img decoding=\"async\" width=\"800\" height=\"530\" src=\"https:\/\/www.musikfabrik.eu\/wp-content\/uploads\/2021\/10\/Teaser-Lukas-Hellermann-\u00a9-Janet-Sinica.jpg\" class=\"attachment-full size-full\" alt=\"Lukas Hellermann\" srcset=\"https:\/\/www.musikfabrik.eu\/wp-content\/uploads\/2021\/10\/Teaser-Lukas-Hellermann-\u00a9-Janet-Sinica.jpg 800w, https:\/\/www.musikfabrik.eu\/wp-content\/uploads\/2021\/10\/Teaser-Lukas-Hellermann-\u00a9-Janet-Sinica-300x199.jpg 300w, https:\/\/www.musikfabrik.eu\/wp-content\/uploads\/2021\/10\/Teaser-Lukas-Hellermann-\u00a9-Janet-Sinica-768x509.jpg 768w\" sizes=\"(max-width: 800px) 100vw, 800px\" \/>                                                    <figcaption>\n\t                                                                <a href=\"mailto:lukas.hellermann@musikfabrik.eu\">\n\t                                    Lukas Hellermann                                    <\/a>\n                                                            <\/figcaption>\n                                            <\/figure>\n                <\/div>\n                            <div class=\"team-member\">\n                    <figure>\n\t                    <img decoding=\"async\" width=\"800\" height=\"530\" src=\"https:\/\/www.musikfabrik.eu\/wp-content\/uploads\/2021\/10\/Teaser-Leonie-Ho\u0308ttges-\u00a9-Janet-Sinica.jpg\" class=\"attachment-full size-full\" alt=\"Leonie H\u00f6ttges\" srcset=\"https:\/\/www.musikfabrik.eu\/wp-content\/uploads\/2021\/10\/Teaser-Leonie-Ho\u0308ttges-\u00a9-Janet-Sinica.jpg 800w, https:\/\/www.musikfabrik.eu\/wp-content\/uploads\/2021\/10\/Teaser-Leonie-Ho\u0308ttges-\u00a9-Janet-Sinica-300x199.jpg 300w, https:\/\/www.musikfabrik.eu\/wp-content\/uploads\/2021\/10\/Teaser-Leonie-Ho\u0308ttges-\u00a9-Janet-Sinica-768x509.jpg 768w\" sizes=\"(max-width: 800px) 100vw, 800px\" \/>                                                    <figcaption>\n\t                                                                <a href=\"mailto:leonie.hoettges@musikfabrik.eu\">\n\t                                    Leonie H\u00f6ttges (Akademie Musikfabrik)                                    <\/a>\n                                                            <\/figcaption>\n                                            <\/figure>\n                <\/div>\n                            <div class=\"team-member\">\n                    <figure>\n\t                    <img decoding=\"async\" width=\"3008\" height=\"2000\" src=\"https:\/\/www.musikfabrik.eu\/wp-content\/uploads\/2023\/04\/Eva_bearbeitet-e1682689960871.jpg\" class=\"attachment-full size-full\" alt=\"\" \/>                                                    <figcaption>\n\t                                                                <a href=\"mailto:eva.niesen@musikfabrik.eu\">\n\t                                    Eva Niesen                                    <\/a>\n                                                            <\/figcaption>\n                                            <\/figure>\n                <\/div>\n                            <div class=\"team-member\">\n                    <figure>\n\t                    <img decoding=\"async\" width=\"800\" height=\"530\" src=\"https:\/\/www.musikfabrik.eu\/wp-content\/uploads\/2025\/01\/Teaser-dummy_grau.jpg\" class=\"attachment-full size-full\" alt=\"\" srcset=\"https:\/\/www.musikfabrik.eu\/wp-content\/uploads\/2025\/01\/Teaser-dummy_grau.jpg 800w, https:\/\/www.musikfabrik.eu\/wp-content\/uploads\/2025\/01\/Teaser-dummy_grau-300x199.jpg 300w, https:\/\/www.musikfabrik.eu\/wp-content\/uploads\/2025\/01\/Teaser-dummy_grau-768x509.jpg 768w\" sizes=\"(max-width: 800px) 100vw, 800px\" \/>                                                    <figcaption>\n\t                                                                <a href=\"mailto:joalia.ellwanger@musikfabrik.eu\">\n\t                                    Joalia Ellwanger (Assistence)                                    <\/a>\n                                                            <\/figcaption>\n                                            <\/figure>\n                <\/div>\n                            <div class=\"team-member\">\n                    <figure>\n\t                    <img decoding=\"async\" width=\"800\" height=\"533\" src=\"https:\/\/www.musikfabrik.eu\/wp-content\/uploads\/2026\/02\/Goekceer-Ahmetcan2.jpg\" class=\"attachment-full size-full\" alt=\"\" srcset=\"https:\/\/www.musikfabrik.eu\/wp-content\/uploads\/2026\/02\/Goekceer-Ahmetcan2.jpg 800w, https:\/\/www.musikfabrik.eu\/wp-content\/uploads\/2026\/02\/Goekceer-Ahmetcan2-300x200.jpg 300w, https:\/\/www.musikfabrik.eu\/wp-content\/uploads\/2026\/02\/Goekceer-Ahmetcan2-768x512.jpg 768w\" sizes=\"(max-width: 800px) 100vw, 800px\" \/>                                                    <figcaption>\n\t                                                                <a href=\"mailto:ahmetcan.goekceer@musikfabrik.eu\">\n\t                                    Ahmetcan G\u00f6k\u00e7eer (Assistance)                                    <\/a>\n                                                            <\/figcaption>\n                                            <\/figure>\n                <\/div>\n                    <\/div>\n    <\/div>\n<\/div>\n<\/div><\/div><\/div><div class=\"accordion-panel\" data-panel-id=\"public-relations\">\n    <div class=\"accordion-headline\">\n        <div class=\"accordion-headline-inner\">\n            <h4>Public Relations<span class=\"accordion-toggle-btn\"><\/span><\/h4>\n        <\/div>\n    <\/div>\n    <div class=\"accordion-content\">\n        <div class=\"accordion-content-inner\"><div class=\"ce ce-team \">\n    <div class=\"container\">\n        <div class=\"row\">\n                            <div class=\"team-member\">\n                    <figure>\n\t                    <img decoding=\"async\" width=\"800\" height=\"530\" src=\"https:\/\/www.musikfabrik.eu\/wp-content\/uploads\/2021\/10\/Teaser-Mareike-Winter-\u00a9-Janet-Sinica.jpg\" class=\"attachment-full size-full\" alt=\"Mareike Winter\" srcset=\"https:\/\/www.musikfabrik.eu\/wp-content\/uploads\/2021\/10\/Teaser-Mareike-Winter-\u00a9-Janet-Sinica.jpg 800w, https:\/\/www.musikfabrik.eu\/wp-content\/uploads\/2021\/10\/Teaser-Mareike-Winter-\u00a9-Janet-Sinica-300x199.jpg 300w, https:\/\/www.musikfabrik.eu\/wp-content\/uploads\/2021\/10\/Teaser-Mareike-Winter-\u00a9-Janet-Sinica-768x509.jpg 768w\" sizes=\"(max-width: 800px) 100vw, 800px\" \/>                                                    <figcaption>\n\t                                                                <a href=\"mailto:mareike.winter@musikfabrik.eu\">\n\t                                    Mareike Winter                                    <\/a>\n                                                            <\/figcaption>\n                                            <\/figure>\n                <\/div>\n                            <div class=\"team-member\">\n                    <figure>\n\t                    <img decoding=\"async\" width=\"800\" height=\"530\" src=\"https:\/\/www.musikfabrik.eu\/wp-content\/uploads\/2026\/03\/Teaser-dummy_grau.jpg\" class=\"attachment-full size-full\" alt=\"\" srcset=\"https:\/\/www.musikfabrik.eu\/wp-content\/uploads\/2026\/03\/Teaser-dummy_grau.jpg 800w, https:\/\/www.musikfabrik.eu\/wp-content\/uploads\/2026\/03\/Teaser-dummy_grau-300x199.jpg 300w, https:\/\/www.musikfabrik.eu\/wp-content\/uploads\/2026\/03\/Teaser-dummy_grau-768x509.jpg 768w\" sizes=\"(max-width: 800px) 100vw, 800px\" \/>                                                    <figcaption>\n\t                                                                <a href=\"mailto:ariane.millet@musikfabrik.eu\">\n\t                                    Ariane Millet (Assistance)                                    <\/a>\n                                                            <\/figcaption>\n                                            <\/figure>\n                <\/div>\n                    <\/div>\n    <\/div>\n<\/div>\n<\/div><\/div><\/div><div class=\"accordion-panel\" data-panel-id=\"stagemanagement\">\n    <div class=\"accordion-headline\">\n        <div class=\"accordion-headline-inner\">\n            <h4>Stagemanagement<span class=\"accordion-toggle-btn\"><\/span><\/h4>\n        <\/div>\n    <\/div>\n    <div class=\"accordion-content\">\n        <div class=\"accordion-content-inner\"><div class=\"ce ce-team \">\n    <div class=\"container\">\n        <div class=\"row\">\n                            <div class=\"team-member\">\n                    <figure>\n\t                    <img decoding=\"async\" width=\"800\" height=\"530\" src=\"https:\/\/www.musikfabrik.eu\/wp-content\/uploads\/2025\/01\/Teaser-dummy_grau.jpg\" class=\"attachment-full size-full\" alt=\"\" srcset=\"https:\/\/www.musikfabrik.eu\/wp-content\/uploads\/2025\/01\/Teaser-dummy_grau.jpg 800w, https:\/\/www.musikfabrik.eu\/wp-content\/uploads\/2025\/01\/Teaser-dummy_grau-300x199.jpg 300w, https:\/\/www.musikfabrik.eu\/wp-content\/uploads\/2025\/01\/Teaser-dummy_grau-768x509.jpg 768w\" sizes=\"(max-width: 800px) 100vw, 800px\" \/>                                                    <figcaption>\n\t                                                                <a href=\"mailto:bernd.layendecker@musikfabrik.eu\">\n\t                                    Bernd Layendecker                                    <\/a>\n                                                            <\/figcaption>\n                                            <\/figure>\n                <\/div>\n                            <div class=\"team-member\">\n                    <figure>\n\t                    <img decoding=\"async\" width=\"800\" height=\"530\" src=\"https:\/\/www.musikfabrik.eu\/wp-content\/uploads\/2021\/10\/Teaser-dummy_grau.jpg\" class=\"attachment-full size-full\" alt=\"\" srcset=\"https:\/\/www.musikfabrik.eu\/wp-content\/uploads\/2021\/10\/Teaser-dummy_grau.jpg 800w, https:\/\/www.musikfabrik.eu\/wp-content\/uploads\/2021\/10\/Teaser-dummy_grau-300x199.jpg 300w, https:\/\/www.musikfabrik.eu\/wp-content\/uploads\/2021\/10\/Teaser-dummy_grau-768x509.jpg 768w\" sizes=\"(max-width: 800px) 100vw, 800px\" \/>                                                    <figcaption>\n\t                                                                <a href=\"mailto:thomas.becker@musikfabrik.eu\">\n\t                                    Thomas Lutz Becker                                    <\/a>\n                                                            <\/figcaption>\n                                            <\/figure>\n                <\/div>\n                            <div class=\"team-member\">\n                    <figure>\n\t                    <img decoding=\"async\" width=\"800\" height=\"530\" src=\"https:\/\/www.musikfabrik.eu\/wp-content\/uploads\/2024\/03\/Teaser-dummy_grau.jpg\" class=\"attachment-full size-full\" alt=\"\" srcset=\"https:\/\/www.musikfabrik.eu\/wp-content\/uploads\/2024\/03\/Teaser-dummy_grau.jpg 800w, https:\/\/www.musikfabrik.eu\/wp-content\/uploads\/2024\/03\/Teaser-dummy_grau-300x199.jpg 300w, https:\/\/www.musikfabrik.eu\/wp-content\/uploads\/2024\/03\/Teaser-dummy_grau-768x509.jpg 768w\" sizes=\"(max-width: 800px) 100vw, 800px\" \/>                                                    <figcaption>\n\t                                                                <a href=\"mailto:martin.schmitz@musikfabrik.eu\">\n\t                                    Martin Schmitz                                    <\/a>\n                                                            <\/figcaption>\n                                            <\/figure>\n                <\/div>\n                    <\/div>\n    <\/div>\n<\/div>\n<\/div><\/div><\/div><div class=\"accordion-panel\" data-panel-id=\"travelmanagement\">\n    <div class=\"accordion-headline\">\n        <div class=\"accordion-headline-inner\">\n            <h4>Travelmanagement<span class=\"accordion-toggle-btn\"><\/span><\/h4>\n        <\/div>\n    <\/div>\n    <div class=\"accordion-content\">\n        <div class=\"accordion-content-inner\"><div class=\"ce ce-team \">\n    <div class=\"container\">\n        <div class=\"row\">\n                            <div class=\"team-member\">\n                    <figure>\n\t                    <img decoding=\"async\" width=\"800\" height=\"530\" src=\"https:\/\/www.musikfabrik.eu\/wp-content\/uploads\/2021\/10\/Teaser-Kirsten-Heiber-\u00a9-Janet-Sinica.jpg\" class=\"attachment-full size-full\" alt=\"Kirsten Heiber\" srcset=\"https:\/\/www.musikfabrik.eu\/wp-content\/uploads\/2021\/10\/Teaser-Kirsten-Heiber-\u00a9-Janet-Sinica.jpg 800w, https:\/\/www.musikfabrik.eu\/wp-content\/uploads\/2021\/10\/Teaser-Kirsten-Heiber-\u00a9-Janet-Sinica-300x199.jpg 300w, https:\/\/www.musikfabrik.eu\/wp-content\/uploads\/2021\/10\/Teaser-Kirsten-Heiber-\u00a9-Janet-Sinica-768x509.jpg 768w\" sizes=\"(max-width: 800px) 100vw, 800px\" \/>                                                    <figcaption>\n\t                                                                <a href=\"mailto:kirsten.heiber@musikfabrik.eu\">\n\t                                    Kirsten Heiber                                    <\/a>\n                                                            <\/figcaption>\n                                            <\/figure>\n                <\/div>\n                    <\/div>\n    <\/div>\n<\/div>\n<\/div><\/div><\/div><\/div><\/div><\/div><\/div><\/div>","protected":false},"excerpt":{"rendered":"<p>Team Ensemble Musikfabrik | Landesensemble Nordrhein-Westfalen e. V. Im Mediapark 7 | 50670 K\u00f6ln Fon | +49(0)221.7194 7194 0 Fax | +49(0)221.7194 7194 7 e-mail | Musikfabrik@Musikfabrik.eu Executive Director Gregor Hotz Projectmanagement Michael B\u00f6lter Lukas Hellermann Leonie H\u00f6ttges (Akademie Musikfabrik) Eva Niesen Joalia Ellwanger (Assistence) Ahmetcan G\u00f6k\u00e7eer (Assistance) Public Relations Mareike Winter Ariane Millet (Assistance) [&hellip;]<\/p>\n","protected":false},"author":1,"featured_media":0,"parent":3369,"menu_order":4,"comment_status":"closed","ping_status":"closed","template":"","meta":{"_acf_changed":false,"_relevanssi_hide_post":"","_relevanssi_hide_content":"","_relevanssi_pin_for_all":"","_relevanssi_pin_keywords":"","_relevanssi_unpin_keywords":"","_relevanssi_related_keywords":"","_relevanssi_related_include_ids":"","_relevanssi_related_exclude_ids":"","_relevanssi_related_no_append":"","_relevanssi_related_not_related":"","_relevanssi_related_posts":"","_relevanssi_noindex_reason":"","footnotes":""},"class_list":["post-3468","page","type-page","status-publish","hentry"],"acf":[],"_links":{"self":[{"href":"https:\/\/www.musikfabrik.eu\/en\/wp-json\/wp\/v2\/pages\/3468","targetHints":{"allow":["GET"]}}],"collection":[{"href":"https:\/\/www.musikfabrik.eu\/en\/wp-json\/wp\/v2\/pages"}],"about":[{"href":"https:\/\/www.musikfabrik.eu\/en\/wp-json\/wp\/v2\/types\/page"}],"author":[{"embeddable":true,"href":"https:\/\/www.musikfabrik.eu\/en\/wp-json\/wp\/v2\/users\/1"}],"replies":[{"embeddable":true,"href":"https:\/\/www.musikfabrik.eu\/en\/wp-json\/wp\/v2\/comments?post=3468"}],"version-history":[{"count":19,"href":"https:\/\/www.musikfabrik.eu\/en\/wp-json\/wp\/v2\/pages\/3468\/revisions"}],"predecessor-version":[{"id":15818,"href":"https:\/\/www.musikfabrik.eu\/en\/wp-json\/wp\/v2\/pages\/3468\/revisions\/15818"}],"up":[{"embeddable":true,"href":"https:\/\/www.musikfabrik.eu\/en\/wp-json\/wp\/v2\/pages\/3369"}],"wp:attachment":[{"href":"https:\/\/www.musikfabrik.eu\/en\/wp-json\/wp\/v2\/media?parent=3468"}],"curies":[{"name":"wp","href":"https:\/\/api.w.org\/{rel}","templated":true}]}}