{"id":88,"date":"2021-07-05T18:17:28","date_gmt":"2021-07-05T16:17:28","guid":{"rendered":"https:\/\/www.musikfabrik.eu\/klang-bild\/musikfabrik-im-wdr\/"},"modified":"2026-06-12T11:00:02","modified_gmt":"2026-06-12T09:00:02","slug":"musikfabrik-im-wdr","status":"publish","type":"page","link":"https:\/\/www.musikfabrik.eu\/de\/klang-bild\/musikfabrik-im-wdr\/","title":{"rendered":"Musikfabrik im WDR"},"content":{"rendered":"<div class=\"ce ce-headline pt-large\">\n    <div class=\"container\">\n        <div class=\"row\">\n            <div class=\"col\">\n\t\t\t\t<h1>Musikfabrik im WDR<\/h1>            <\/div>\n        <\/div>\n    <\/div>\n<\/div>\n<div class=\"ce ce-twocol \" >\r\n    <div class=\"container\">\r\n        <div class=\"row\">\r\n            <div class=\"col col-custom-1\">\r\n\t\t\t\t<header>\n<p class=\"headline-balken\"><span style=\"font-size: 16px;\">Seit 2003 veranstaltet das Ensemble Musikfabrik seine eigene Urauff\u00fchrungsreihe im WDR. Mit dieser Konzertreihe entwickelt es \u2013 h\u00e4ufig in enger Zusammenarbeit mit den Komponisten, an die es die Auftr\u00e4ge vergibt \u2013 seinen k\u00fcnstlerischen Ausdruck weiter, der sich von<\/span> <span style=\"font-size: 16px;\">Raumkompositionen wie beispielsweise Rebecca Saunders <\/span><em style=\"font-size: 16px;\">Stasis<\/em><span style=\"font-size: 16px;\"> \u00fcber die Einbindung elektronischer Musik wie bei Michel van der Aa bis zu Klassikern wie Arnold Sch\u00f6nbergs <\/span><em style=\"font-size: 16px;\">Kammersymphonie<\/em><span style=\"font-size: 16px;\"> erstreckt. <\/span><\/p>\n<\/header>\n<div class=\"field field-name-body field-type-text-with-summary field-label-hidden\">\n<p class=\"bodytext\">Zusammen mit WERGO und in Kooperation mit dem WDR bringt das Ensemble Musikfabrik zudem eine eigene CD Edition heraus: Edition Musikfabrik. Auch die CD Edition kann Dank der gro\u00dfz\u00fcgigen F\u00f6rderung durch die Kunststiftung NRW publiziert werden. Auf den ersten sieben CDs wurden H\u00f6hepunkte aus den ersten f\u00fcnf Jahren der Konzertreihe &#8222;Musikfabrik im WDR&#8220; dokumentiert.<\/p>\n<p class=\"bodytext\">In der Fortf\u00fchrung der Edition, anl\u00e4sslich des 50. Konzert von Musikfabrik im WDR, sind zehn weitere CDs mit Unterst\u00fctzung der Kunststiftung NRW erschienen. Die Bilder f\u00fcr die Cover der CDs wurden von Gerhard Richter beigetragen, der Mitglied des Kuratoriums des Ensemble Musikfabrik ist.<\/p>\n<p class=\"bodytext\">Die Live-Mitschnitte aus dem WDR Funkhaus in K\u00f6ln umfassen Werke von Komponisten, denen das Ensemble Musikfabrik in besonderer Weise verbunden ist sowie zahlreiche Urauff\u00fchrungen, die meist im Auftrag des Ensemble Musikfabrik und der Kunststiftung NRW entstanden. N\u00e4here Informationen dazu finden Sie <a class=\"internal-link\" title=\"Opens internal link in current window\" href=\"https:\/\/www.musikfabrik.eu\/de\/klang-bild\/edition\/edition-musikfabrik\/\">hier<\/a>. Die erste CD der Reihe wurde 2011 mit dem ECHO-Klassik ausgezeichnet.<\/p>\n<p class=\"bodytext\">Tickets sind erh\u00e4ltlich unter <a href=\"https:\/\/www.koelnticket.de\/Musikfabrik+im+WDR-Ticket-6022\/?q=eventTitel:(%22Musikfabrik%20im%20WDR%22)&amp;pageId=6022&amp;referer_info=kt_partner\">KoelnTicket.de<\/a><\/p>\n<\/div>\n            <\/div>\r\n            <div class=\"col col-custom-2\">\r\n\t\t\t\t<div class=\"img-slider\">\n\t<div class=\"swiper-container\">\n\t\t<div class=\"swiper-wrapper\">\n                            <div class=\"swiper-slide\">\n                    <figure>\n                        <div class=\"img-wrapper\">\n                            <img decoding=\"async\" width=\"800\" height=\"530\" src=\"https:\/\/www.musikfabrik.eu\/wp-content\/uploads\/2021\/10\/JS_06796.jpg\" class=\"attachment-full size-full\" alt=\"\" srcset=\"https:\/\/www.musikfabrik.eu\/wp-content\/uploads\/2021\/10\/JS_06796.jpg 800w, https:\/\/www.musikfabrik.eu\/wp-content\/uploads\/2021\/10\/JS_06796-300x199.jpg 300w, https:\/\/www.musikfabrik.eu\/wp-content\/uploads\/2021\/10\/JS_06796-768x509.jpg 768w\" sizes=\"(max-width: 800px) 100vw, 800px\" \/>                        <\/div>\n                                                    <figcaption>\n                                \u00a9 Janet Sinica                            <\/figcaption>\n                                            <\/figure>\n                <\/div>\n                            <div class=\"swiper-slide\">\n                    <figure>\n                        <div class=\"img-wrapper\">\n                            <img decoding=\"async\" width=\"1290\" height=\"860\" src=\"https:\/\/www.musikfabrik.eu\/wp-content\/uploads\/2021\/09\/wdr3.jpg\" class=\"attachment-full size-full\" alt=\"Emilio Pomarico &amp; Kaija Saariaho \u00a9 Klaus Rudolph\" srcset=\"https:\/\/www.musikfabrik.eu\/wp-content\/uploads\/2021\/09\/wdr3.jpg 1290w, https:\/\/www.musikfabrik.eu\/wp-content\/uploads\/2021\/09\/wdr3-300x200.jpg 300w, https:\/\/www.musikfabrik.eu\/wp-content\/uploads\/2021\/09\/wdr3-1024x683.jpg 1024w, https:\/\/www.musikfabrik.eu\/wp-content\/uploads\/2021\/09\/wdr3-768x512.jpg 768w\" sizes=\"(max-width: 1290px) 100vw, 1290px\" \/>                        <\/div>\n                                                    <figcaption>\n                                Emilio Pomarico &amp; Kaija Saariaho \u00a9 Klaus Rudolph                            <\/figcaption>\n                                            <\/figure>\n                <\/div>\n                            <div class=\"swiper-slide\">\n                    <figure>\n                        <div class=\"img-wrapper\">\n                            <img decoding=\"async\" width=\"800\" height=\"530\" src=\"https:\/\/www.musikfabrik.eu\/wp-content\/uploads\/2021\/10\/\u00a9-Janet-Sinica-DSC03065.jpg\" class=\"attachment-full size-full\" alt=\"\" srcset=\"https:\/\/www.musikfabrik.eu\/wp-content\/uploads\/2021\/10\/\u00a9-Janet-Sinica-DSC03065.jpg 800w, https:\/\/www.musikfabrik.eu\/wp-content\/uploads\/2021\/10\/\u00a9-Janet-Sinica-DSC03065-300x199.jpg 300w, https:\/\/www.musikfabrik.eu\/wp-content\/uploads\/2021\/10\/\u00a9-Janet-Sinica-DSC03065-768x509.jpg 768w\" sizes=\"(max-width: 800px) 100vw, 800px\" \/>                        <\/div>\n                                                    <figcaption>\n                                \u00a9 Janet Sinica                            <\/figcaption>\n                                            <\/figure>\n                <\/div>\n                            <div class=\"swiper-slide\">\n                    <figure>\n                        <div class=\"img-wrapper\">\n                            <img decoding=\"async\" width=\"1290\" height=\"860\" src=\"https:\/\/www.musikfabrik.eu\/wp-content\/uploads\/2021\/09\/wdr2.jpg\" class=\"attachment-full size-full\" alt=\"Melvyn Poore \u00a9 Klaus Rudolph\" srcset=\"https:\/\/www.musikfabrik.eu\/wp-content\/uploads\/2021\/09\/wdr2.jpg 1290w, https:\/\/www.musikfabrik.eu\/wp-content\/uploads\/2021\/09\/wdr2-300x200.jpg 300w, https:\/\/www.musikfabrik.eu\/wp-content\/uploads\/2021\/09\/wdr2-1024x683.jpg 1024w, https:\/\/www.musikfabrik.eu\/wp-content\/uploads\/2021\/09\/wdr2-768x512.jpg 768w\" sizes=\"(max-width: 1290px) 100vw, 1290px\" \/>                        <\/div>\n                                                    <figcaption>\n                                Melvyn Poore \u00a9 Klaus Rudolph                            <\/figcaption>\n                                            <\/figure>\n                <\/div>\n                            <div class=\"swiper-slide\">\n                    <figure>\n                        <div class=\"img-wrapper\">\n                            <img decoding=\"async\" width=\"800\" height=\"530\" src=\"https:\/\/www.musikfabrik.eu\/wp-content\/uploads\/2021\/10\/DSC_0100_Ulrich-Lo\u0308fflercJanet-Sinica.jpg\" class=\"attachment-full size-full\" alt=\"Ulrich L\u00f6ffler \u00a9 Janet Sinica\" srcset=\"https:\/\/www.musikfabrik.eu\/wp-content\/uploads\/2021\/10\/DSC_0100_Ulrich-Lo\u0308fflercJanet-Sinica.jpg 800w, https:\/\/www.musikfabrik.eu\/wp-content\/uploads\/2021\/10\/DSC_0100_Ulrich-Lo\u0308fflercJanet-Sinica-300x199.jpg 300w, https:\/\/www.musikfabrik.eu\/wp-content\/uploads\/2021\/10\/DSC_0100_Ulrich-Lo\u0308fflercJanet-Sinica-768x509.jpg 768w\" sizes=\"(max-width: 800px) 100vw, 800px\" \/>                        <\/div>\n                                                    <figcaption>\n                                Ulrich L\u00f6ffler \u00a9 Janet Sinica                            <\/figcaption>\n                                            <\/figure>\n                <\/div>\n                            <div class=\"swiper-slide\">\n                    <figure>\n                        <div class=\"img-wrapper\">\n                            <img decoding=\"async\" width=\"800\" height=\"530\" src=\"https:\/\/www.musikfabrik.eu\/wp-content\/uploads\/2021\/10\/srgbBirtwistle_Poppe_233420124.jpg\" class=\"attachment-full size-full\" alt=\"Harrison Birtwistle &amp; Enno Poppe \u00a9 Klaus Rudolph\" srcset=\"https:\/\/www.musikfabrik.eu\/wp-content\/uploads\/2021\/10\/srgbBirtwistle_Poppe_233420124.jpg 800w, https:\/\/www.musikfabrik.eu\/wp-content\/uploads\/2021\/10\/srgbBirtwistle_Poppe_233420124-300x199.jpg 300w, https:\/\/www.musikfabrik.eu\/wp-content\/uploads\/2021\/10\/srgbBirtwistle_Poppe_233420124-768x509.jpg 768w\" sizes=\"(max-width: 800px) 100vw, 800px\" \/>                        <\/div>\n                                                    <figcaption>\n                                Harrison Birtwistle &amp; Enno Poppe \u00a9 Klaus Rudolph                            <\/figcaption>\n                                            <\/figure>\n                <\/div>\n                            <div class=\"swiper-slide\">\n                    <figure>\n                        <div class=\"img-wrapper\">\n                            <img decoding=\"async\" width=\"1290\" height=\"860\" src=\"https:\/\/www.musikfabrik.eu\/wp-content\/uploads\/2021\/09\/wdr1.jpg\" class=\"attachment-full size-full\" alt=\"Mark Andre &amp; Hannah Weirich \u00a9 Klaus Rudolph\" srcset=\"https:\/\/www.musikfabrik.eu\/wp-content\/uploads\/2021\/09\/wdr1.jpg 1290w, https:\/\/www.musikfabrik.eu\/wp-content\/uploads\/2021\/09\/wdr1-300x200.jpg 300w, https:\/\/www.musikfabrik.eu\/wp-content\/uploads\/2021\/09\/wdr1-1024x683.jpg 1024w, https:\/\/www.musikfabrik.eu\/wp-content\/uploads\/2021\/09\/wdr1-768x512.jpg 768w\" sizes=\"(max-width: 1290px) 100vw, 1290px\" \/>                        <\/div>\n                                                    <figcaption>\n                                Mark Andre &amp; Hannah Weirich \u00a9 Klaus Rudolph                            <\/figcaption>\n                                            <\/figure>\n                <\/div>\n                            <div class=\"swiper-slide\">\n                    <figure>\n                        <div class=\"img-wrapper\">\n                            <img decoding=\"async\" width=\"800\" height=\"530\" src=\"https:\/\/www.musikfabrik.eu\/wp-content\/uploads\/2021\/10\/DSC_3653_Peter-Rundel-c-Janet-Sinica.jpg\" class=\"attachment-full size-full\" alt=\"Peter Rundel\" srcset=\"https:\/\/www.musikfabrik.eu\/wp-content\/uploads\/2021\/10\/DSC_3653_Peter-Rundel-c-Janet-Sinica.jpg 800w, https:\/\/www.musikfabrik.eu\/wp-content\/uploads\/2021\/10\/DSC_3653_Peter-Rundel-c-Janet-Sinica-300x199.jpg 300w, https:\/\/www.musikfabrik.eu\/wp-content\/uploads\/2021\/10\/DSC_3653_Peter-Rundel-c-Janet-Sinica-768x509.jpg 768w\" sizes=\"(max-width: 800px) 100vw, 800px\" \/>                        <\/div>\n                                                    <figcaption>\n                                Peter Rundel\u00a9 Janet Sinica                            <\/figcaption>\n                                            <\/figure>\n                <\/div>\n                            <div class=\"swiper-slide\">\n                    <figure>\n                        <div class=\"img-wrapper\">\n                            <img decoding=\"async\" width=\"1290\" height=\"860\" src=\"https:\/\/www.musikfabrik.eu\/wp-content\/uploads\/2021\/10\/Harvey_Veale_231020112\u00a9KlausRudolph.jpg\" class=\"attachment-full size-full\" alt=\"Jonathan Harvey &amp; Peter Veale \u00a9 Klaus Rudolph\" srcset=\"https:\/\/www.musikfabrik.eu\/wp-content\/uploads\/2021\/10\/Harvey_Veale_231020112\u00a9KlausRudolph.jpg 1290w, https:\/\/www.musikfabrik.eu\/wp-content\/uploads\/2021\/10\/Harvey_Veale_231020112\u00a9KlausRudolph-300x200.jpg 300w, https:\/\/www.musikfabrik.eu\/wp-content\/uploads\/2021\/10\/Harvey_Veale_231020112\u00a9KlausRudolph-1024x683.jpg 1024w, https:\/\/www.musikfabrik.eu\/wp-content\/uploads\/2021\/10\/Harvey_Veale_231020112\u00a9KlausRudolph-768x512.jpg 768w\" sizes=\"(max-width: 1290px) 100vw, 1290px\" \/>                        <\/div>\n                                                    <figcaption>\n                                Jonathan Harvey &amp; Peter Veale \u00a9 Klaus Rudolph                            <\/figcaption>\n                                            <\/figure>\n                <\/div>\n                            <div class=\"swiper-slide\">\n                    <figure>\n                        <div class=\"img-wrapper\">\n                            <img decoding=\"async\" width=\"1290\" height=\"860\" src=\"https:\/\/www.musikfabrik.eu\/wp-content\/uploads\/2021\/10\/\u00a9KlausRudolph_Mainka_Anschlags_231110114.jpg\" class=\"attachment-full size-full\" alt=\"Alban Wesley &amp; Ulrich L\u00f6ffler \u00a9 Klaus Rudolph\" srcset=\"https:\/\/www.musikfabrik.eu\/wp-content\/uploads\/2021\/10\/\u00a9KlausRudolph_Mainka_Anschlags_231110114.jpg 1290w, https:\/\/www.musikfabrik.eu\/wp-content\/uploads\/2021\/10\/\u00a9KlausRudolph_Mainka_Anschlags_231110114-300x200.jpg 300w, https:\/\/www.musikfabrik.eu\/wp-content\/uploads\/2021\/10\/\u00a9KlausRudolph_Mainka_Anschlags_231110114-1024x683.jpg 1024w, https:\/\/www.musikfabrik.eu\/wp-content\/uploads\/2021\/10\/\u00a9KlausRudolph_Mainka_Anschlags_231110114-768x512.jpg 768w\" sizes=\"(max-width: 1290px) 100vw, 1290px\" \/>                        <\/div>\n                                                    <figcaption>\n                                Alban Wesley &amp; Ulrich L\u00f6ffler \u00a9 Klaus Rudolph                            <\/figcaption>\n                                            <\/figure>\n                <\/div>\n            \t\t<\/div>\n\t\t<div class=\"swiper-button-prev\"><\/div>\n\t\t<div class=\"swiper-button-next\"><\/div>\n\t<\/div>\n<\/div>\n            <\/div>\r\n        <\/div>\r\n    <\/div>\r\n<\/div>\r\n<div class=\"ce ce-headline bgr-white align-right\">\n    <div class=\"container\">\n        <div class=\"row\">\n            <div class=\"col\">\n\t\t\t\t<h1>Programmhefte<\/h1>            <\/div>\n        <\/div>\n    <\/div>\n<\/div>\n<div class=\"ce ce-accordion \">\n  <div class=\"container\">\n    <div class=\"row\">\n      <div class=\"col\">\n        <div class=\"accordion\"><div class=\"accordion-panel\" data-panel-id=\"2026\">\n    <div class=\"accordion-headline\">\n        <div class=\"accordion-headline-inner\">\n            <h4>2026<span class=\"accordion-toggle-btn\"><\/span><\/h4>\n        <\/div>\n    <\/div>\n    <div class=\"accordion-content\">\n        <div class=\"accordion-content-inner\"><div class=\"ce ce-onecol \" >\r\n    <div class=\"container\">\r\n        <div class=\"row\">\r\n            <div class=\"col\">\r\n\t\t\t\t<p><a href=\"https:\/\/www.musikfabrik.eu\/wp-content\/uploads\/2026\/01\/250130-Programmheft-WDR-95.pdf\">Musikfabrik im WDR 95 | All That Dust<\/a><br \/>\n<a href=\"https:\/\/www.musikfabrik.eu\/de\/kalender\/musikfabrik-im-wdr-95\/\" target=\"_blank\" rel=\"noopener\">Freitag | 30. Januar 2026 | 20 Uhr<\/a><\/p>\n<p><a href=\"https:\/\/www.musikfabrik.eu\/wp-content\/uploads\/2026\/02\/260307-Programmheft-WDR-96.pdf\">Musikfabrik im WDR 96 | From Oslo with Love<\/a><br \/>\n<a href=\"https:\/\/www.musikfabrik.eu\/de\/kalender\/musikfabrik-im-wdr-96-from-oslo-with-love\/\">Samstag | 07. M\u00e4rz 2026 | 20 Uhr<\/a><\/p>\n<p><a href=\"https:\/\/www.musikfabrik.eu\/wp-content\/uploads\/2026\/06\/260620-Programmheft-WDR-97-1.pdf\">Musikfabrik im WDR 97 | Gegen die Stille \u2013 Henze 100<\/a><br \/>\n<a href=\"https:\/\/www.musikfabrik.eu\/de\/kalender\/musikfabrik-im-wdr-97\/\">Samstag | 20. Juni 2026 | 20 Uhr<\/a><\/p>\n<p>&nbsp;<\/p>\n<p>&nbsp;<\/p>\n            <\/div>\r\n        <\/div>\r\n    <\/div>\r\n<\/div>\r\n<\/div><\/div><\/div><div class=\"accordion-panel\" data-panel-id=\"2025\">\n    <div class=\"accordion-headline\">\n        <div class=\"accordion-headline-inner\">\n            <h4>2025<span class=\"accordion-toggle-btn\"><\/span><\/h4>\n        <\/div>\n    <\/div>\n    <div class=\"accordion-content\">\n        <div class=\"accordion-content-inner\"><div class=\"ce ce-onecol \" >\r\n    <div class=\"container\">\r\n        <div class=\"row\">\r\n            <div class=\"col\">\r\n\t\t\t\t<p><a href=\"https:\/\/www.musikfabrik.eu\/wp-content\/uploads\/2025\/02\/251004-Programmheft-WDR-94_web.pdf\">Musikfabrik im WDR 94 | Point in the Void<\/a><br \/>\n<a href=\"https:\/\/www.musikfabrik.eu\/de\/kalender\/musikfabrik-im-wdr-94\/\" target=\"_blank\" rel=\"noopener\">Samstag | 4. Oktober 2025 | 20 Uhr<\/a><\/p>\n<p><a href=\"https:\/\/www.musikfabrik.eu\/wp-content\/uploads\/2025\/09\/250712-Programmheft-WDR-93_Export.pdf\" target=\"_blank\" rel=\"noopener\">Musikfabrik im WDR 93 | Traces &amp; Spaces<\/a><br \/>\n<a href=\"https:\/\/www.musikfabrik.eu\/de\/kalender\/musikfabrik-im-wdr-93\/\" target=\"_blank\" rel=\"noopener\">Samstag | 12. Juli 2025 | 20 Uhr<\/a><\/p>\n<p><a href=\"https:\/\/www.musikfabrik.eu\/wp-content\/uploads\/2025\/02\/250222-Programmheft_FINAL.pdf\" target=\"_blank\" rel=\"noopener\">Musikfabrik im WDR 92 | Sugarcoating\u00a0<\/a><br \/>\n<a href=\"https:\/\/www.musikfabrik.eu\/de\/kalender\/musikfabrik-im-wdr-92-sugarcoating\/\" target=\"_blank\" rel=\"noopener\">Samstag | 22. Februar 2025 | 20 Uhr\u00a0<\/a><\/p>\n<p>&nbsp;<\/p>\n            <\/div>\r\n        <\/div>\r\n    <\/div>\r\n<\/div>\r\n<\/div><\/div><\/div><div class=\"accordion-panel\" data-panel-id=\"2024\">\n    <div class=\"accordion-headline\">\n        <div class=\"accordion-headline-inner\">\n            <h4>2024<span class=\"accordion-toggle-btn\"><\/span><\/h4>\n        <\/div>\n    <\/div>\n    <div class=\"accordion-content\">\n        <div class=\"accordion-content-inner\"><div class=\"ce ce-onecol \" >\r\n    <div class=\"container\">\r\n        <div class=\"row\">\r\n            <div class=\"col\">\r\n\t\t\t\t<p><a href=\"https:\/\/www.musikfabrik.eu\/wp-content\/uploads\/2024\/11\/MUFA23790-WDR-Programm-91-241105.pdf\" target=\"_blank\" rel=\"noopener\">Musikfabrik im WDR 91 | Songs Eclipsed<\/a><br \/>\n<a href=\"https:\/\/www.musikfabrik.eu\/de\/kalender\/musikfabrik-im-wdr-91-songs-eclipsed\/\" target=\"_blank\" rel=\"noopener\">Samstag | 23. November 2024 | 20.00<\/a><\/p>\n<p><a href=\"https:\/\/www.musikfabrik.eu\/wp-content\/uploads\/2024\/09\/MUFA23790-WDR-Programm-90-240918.pdf\" target=\"_blank\" rel=\"noopener\">Musikfabrik im WDR 90 | Konzert N<\/a><a href=\"https:\/\/www.musikfabrik.eu\/wp-content\/uploads\/2024\/09\/MUFA23790-WDR-Programm-90-240918.pdf\" target=\"_blank\" rel=\"noopener\">eunzig<\/a><br \/>\n<a href=\"https:\/\/www.musikfabrik.eu\/de\/kalender\/musikfabrik-im-wdr-90\/\">Donnerstag | 03. Oktober 2024 | 20 Uhr<\/a><\/p>\n<p><a href=\"https:\/\/www.musikfabrik.eu\/de\/kalender\/musikfabrik-im-wdr-89-maalot\/\">Musikfabrik im WDR 89 | Ma&#8217;alot<\/a><br \/>\n<a href=\"https:\/\/www.musikfabrik.eu\/de\/kalender\/musikfabrik-im-wdr-89-maalot\/\">Samstag | 29. Juni 2024 | 20 Uhr<\/a><\/p>\n<p><a href=\"https:\/\/www.musikfabrik.eu\/wp-content\/uploads\/2024\/02\/MUFA22822-WDR-Programm-88-240219.pdf\" target=\"_blank\" rel=\"noopener\">Musikfabrik im WDR 88 | The Being<\/a><br \/>\n<a href=\"https:\/\/www.musikfabrik.eu\/de\/kalender\/musikfabrik-im-wdr-88\/\">Sonntag | 03. M\u00e4rz 2024 | 20 Uhr<\/a><\/p>\n<p>&nbsp;<\/p>\n<p>&nbsp;<\/p>\n            <\/div>\r\n        <\/div>\r\n    <\/div>\r\n<\/div>\r\n<\/div><\/div><\/div><div class=\"accordion-panel\" data-panel-id=\"2023\">\n    <div class=\"accordion-headline\">\n        <div class=\"accordion-headline-inner\">\n            <h4>2023<span class=\"accordion-toggle-btn\"><\/span><\/h4>\n        <\/div>\n    <\/div>\n    <div class=\"accordion-content\">\n        <div class=\"accordion-content-inner\"><div class=\"ce ce-onecol \" >\r\n    <div class=\"container\">\r\n        <div class=\"row\">\r\n            <div class=\"col\">\r\n\t\t\t\t<p><a href=\"https:\/\/www.musikfabrik.eu\/wp-content\/uploads\/2024\/02\/MUFA22822-WDR-Programm-87-231122FINAL.pdf\" target=\"_blank\" rel=\"noopener\">Musikfabrik im WDR 87 | Vier Inseln<\/a><br \/>\n<a href=\"https:\/\/www.musikfabrik.eu\/de\/kalender\/musikfabrik-im-wdr-87\/\">Sonntag | 19. November 2023 | 20 Uhr<\/a><\/p>\n<p><a href=\"https:\/\/www.musikfabrik.eu\/wp-content\/uploads\/2023\/09\/MUFA22822-WDR-Programm-86-230912-view-1.pdf\" target=\"_blank\" rel=\"noopener\">Musikfabrik im WDR 86 | Concertini<\/a><br \/>\n<a href=\"https:\/\/www.musikfabrik.eu\/de\/kalender\/musikfabrik-im-wdr-86-concertini\/\">Sonntag | 24. September 2023 | 20 Uhr<\/a><\/p>\n<p><a href=\"https:\/\/www.musikfabrik.eu\/wp-content\/uploads\/2023\/05\/MUFA22822-WDR-Programm-85-230511.pdf\" target=\"_blank\" rel=\"noopener\">Musikfabrik im WDR 85 | Medea<\/a><br \/>\n<a href=\"https:\/\/www.musikfabrik.eu\/de\/kalender\/musikfabrik-im-wdr-85-medea\/\" target=\"_blank\" rel=\"noopener\">Samstag | 3. Juni 2023 | 20 Uhr<\/a><\/p>\n<p><a href=\"https:\/\/www.musikfabrik.eu\/wp-content\/uploads\/2023\/01\/MUFA21707-WDR-Programm-84-230119.pdf\" target=\"_blank\" rel=\"noopener\">Musikfabrik im WDR 84 | Hidden Treasures<\/a><br \/>\n<a href=\"https:\/\/www.musikfabrik.eu\/de\/kalender\/musikfabrik-im-wdr-84\/\">Sonntag | 29. Januar 2023 | 20 Uhr<\/a><\/p>\n            <\/div>\r\n        <\/div>\r\n    <\/div>\r\n<\/div>\r\n<\/div><\/div><\/div><div class=\"accordion-panel\" data-panel-id=\"2022\">\n    <div class=\"accordion-headline\">\n        <div class=\"accordion-headline-inner\">\n            <h4>2022<span class=\"accordion-toggle-btn\"><\/span><\/h4>\n        <\/div>\n    <\/div>\n    <div class=\"accordion-content\">\n        <div class=\"accordion-content-inner\"><div class=\"ce ce-onecol \" >\r\n    <div class=\"container\">\r\n        <div class=\"row\">\r\n            <div class=\"col\">\r\n\t\t\t\t<p><a href=\"https:\/\/www.musikfabrik.eu\/wp-content\/uploads\/2022\/11\/MUFA21707-WDR-Programm-83-221111final.pdf\" target=\"_blank\" rel=\"noopener\">Musikfabrik im WDR 83 | to speak of<\/a><br \/>\n<a href=\"https:\/\/www.musikfabrik.eu\/de\/kalender\/musikfabrik-im-wdr-83\/\">Samstag | 26. November 2022 | 20 Uhr<\/a><\/p>\n<p><a href=\"https:\/\/www.musikfabrik.eu\/wp-content\/uploads\/2022\/09\/MUFA21707-WDR-Programm-82-220826.pdf\">Musikfabrik im WDR 82 | Plenty for Two<\/a><br \/>\n<a href=\"https:\/\/www.musikfabrik.eu\/de\/kalender\/musikfabrik-im-wdr-82\/\">Samstag | 10. September 2022 | 20 Uhr<\/a><\/p>\n<p><a href=\"https:\/\/www.musikfabrik.eu\/wp-content\/uploads\/2022\/02\/MUFA21707-WDR-Programm-81-220516FINAL.pdf\" target=\"_blank\" rel=\"noopener\">Musikfabrik im WDR 81 | Variations &amp; Quotes<\/a><br \/>\n<a href=\"https:\/\/www.musikfabrik.eu\/de\/kalender\/musikfabrik-im-wdr-81\/?preview_id=7045&#038;preview_nonce=d0ea86a1b6&#038;_thumbnail_id=7046&#038;preview=true\" target=\"_blank\" rel=\"noopener\">Samstag | 28. Mai 2022 | 20 Uhr<\/a><\/p>\n<p><a href=\"https:\/\/www.musikfabrik.eu\/wp-content\/uploads\/2022\/03\/220220-WDR80-final.pdf\" target=\"_blank\" rel=\"noopener\">Musikfabrik im WDR 80 | Things That Really Matter<\/a><br \/>\n<a href=\"https:\/\/www.musikfabrik.eu\/de\/kalender\/musikfabrik-im-wdr-83\/\">Sonntag | 20. Februar 2022 | 20 Uhr<\/a><\/p>\n            <\/div>\r\n        <\/div>\r\n    <\/div>\r\n<\/div>\r\n<\/div><\/div><\/div><div class=\"accordion-panel\" data-panel-id=\"2021\">\n    <div class=\"accordion-headline\">\n        <div class=\"accordion-headline-inner\">\n            <h4>2021<span class=\"accordion-toggle-btn\"><\/span><\/h4>\n        <\/div>\n    <\/div>\n    <div class=\"accordion-content\">\n        <div class=\"accordion-content-inner\"><div class=\"ce ce-onecol \" >\r\n    <div class=\"container\">\r\n        <div class=\"row\">\r\n            <div class=\"col\">\r\n\t\t\t\t<p>Musikfabrik im WDR 79 | Black Light &#8211; Konzert in der K\u00f6lner Philharmonie<br \/>\nDonnerstag | 19. August 2021 | 20 Uhr<\/p>\n<p>Musikfabrik im WDR 78 | Seeds (Radioproduktion &#8211; ohne Publikum)<br \/>\nSamstag | 10. Juli 2021 | 20 Uhr<\/p>\n<p>Musikfabrik im WDR 77 | 43 in 43 (Radioproduktion &#8211; ohne Publikum)<br \/>\nSamstag | 19. Juni 2021 | 20 Uhr<\/p>\n<p>Musikfabrik im WDR 76 | Chants\/Ges\u00e4nge (Radioproduktion &#8211; ohne Publikum)<br \/>\nMontag | 18. Januar 2021 | 20 Uhr<\/p>\n            <\/div>\r\n        <\/div>\r\n    <\/div>\r\n<\/div>\r\n<\/div><\/div><\/div><div class=\"accordion-panel\" data-panel-id=\"2020\">\n    <div class=\"accordion-headline\">\n        <div class=\"accordion-headline-inner\">\n            <h4>2020<span class=\"accordion-toggle-btn\"><\/span><\/h4>\n        <\/div>\n    <\/div>\n    <div class=\"accordion-content\">\n        <div class=\"accordion-content-inner\"><div class=\"ce ce-onecol \" >\r\n    <div class=\"container\">\r\n        <div class=\"row\">\r\n            <div class=\"col\">\r\n\t\t\t\t<p>Musikfabrik im WDR 75 | Incontri (Radioproduktion &#8211; ohne Publikum)<br \/>\nSonntag | 15. November 2020 | 20 Uhr<\/p>\n<p>Musikfabrik im WDR 74 | Sonderkonzert in der K\u00f6lner Philharmonie<br \/>\nMontag | 21. September 2020 | 20 Uhr<\/p>\n<p><a href=\"https:\/\/www.musikfabrik.eu\/wp-content\/uploads\/2021\/10\/Musikfabrik-im-WDR-73.pdf\" target=\"_blank\" rel=\"noopener\">Musikfabrik im WDR 73 | In Memoriam Hans Zender<\/a><br \/>\nSonntag | 16. Februar 2020 | 20 Uhr<\/p>\n            <\/div>\r\n        <\/div>\r\n    <\/div>\r\n<\/div>\r\n<\/div><\/div><\/div><div class=\"accordion-panel\" data-panel-id=\"2019\">\n    <div class=\"accordion-headline\">\n        <div class=\"accordion-headline-inner\">\n            <h4>2019<span class=\"accordion-toggle-btn\"><\/span><\/h4>\n        <\/div>\n    <\/div>\n    <div class=\"accordion-content\">\n        <div class=\"accordion-content-inner\"><div class=\"ce ce-onecol \" >\r\n    <div class=\"container\">\r\n        <div class=\"row\">\r\n            <div class=\"col\">\r\n\t\t\t\t<p><a href=\"https:\/\/www.musikfabrik.eu\/wp-content\/uploads\/2021\/10\/Musikfabrik-im-WDR-72.pdf\" target=\"_blank\" rel=\"noopener\">Musikfabrik im WDR 72 | Nether<\/a><br \/>\nSonntag | 03. November 2019 | 20 Uhr<\/p>\n<p><a href=\"https:\/\/www.musikfabrik.eu\/wp-content\/uploads\/2021\/10\/Musikfabrik-im-WDR-71.pdf\" target=\"_blank\" rel=\"noopener\">Musikfabrik im WDR 71 | Secret Kiss<\/a><br \/>\nSonntag | 15. September 2019 | 20 Uhr<\/p>\n<p><a href=\"https:\/\/www.musikfabrik.eu\/wp-content\/uploads\/2021\/10\/Musikfabrik-im-WDR-70.pdf\" target=\"_blank\" rel=\"noopener\">Musikfabrik im WDR 70 | Lichtwolken<\/a><br \/>\nMontag | 20. Mai 2019 | 20 Uhr<\/p>\n<p><a href=\"https:\/\/www.musikfabrik.eu\/wp-content\/uploads\/2021\/10\/Musikfabrik-im-WDR-69.pdf\" target=\"_blank\" rel=\"noopener\">Musikfabrik im WDR 69 | Intermezzi<\/a><br \/>\nSonntag | 17. Februar 2019 | 20 Uhr<\/p>\n            <\/div>\r\n        <\/div>\r\n    <\/div>\r\n<\/div>\r\n<\/div><\/div><\/div><div class=\"accordion-panel\" data-panel-id=\"2018\">\n    <div class=\"accordion-headline\">\n        <div class=\"accordion-headline-inner\">\n            <h4>2018<span class=\"accordion-toggle-btn\"><\/span><\/h4>\n        <\/div>\n    <\/div>\n    <div class=\"accordion-content\">\n        <div class=\"accordion-content-inner\"><div class=\"ce ce-onecol \" >\r\n    <div class=\"container\">\r\n        <div class=\"row\">\r\n            <div class=\"col\">\r\n\t\t\t\t<p><a href=\"https:\/\/www.musikfabrik.eu\/wp-content\/uploads\/2021\/10\/MUFA17721-Programmheft-68-181012b.pdf\" target=\"_blank\" rel=\"noopener\">Musikfabrik im WDR 68 | Dark Paradise<\/a><br \/>\nSamstag | 27. Oktober 2018 | 20 Uhr<\/p>\n<p><a href=\"https:\/\/www.musikfabrik.eu\/wp-content\/uploads\/2021\/10\/Musikfabrik-Im-WDR-67.pdf\" target=\"_blank\" rel=\"noopener\">Musikfabrik im WDR 67 | Sai Ballare?<\/a><br \/>\nMittwoch | 03. Oktober 2018 | 20 Uhr<\/p>\n<p><a href=\"https:\/\/www.musikfabrik.eu\/wp-content\/uploads\/2021\/10\/Musikfabrik-im-WDR-66.pdf\" target=\"_blank\" rel=\"noopener\">Musikfabrik im WDR 66 | Pitch 43_continuum<\/a><br \/>\nSonntag | 17. Juni 2018 | 20 Uhr<\/p>\n<p><a href=\"https:\/\/www.musikfabrik.eu\/wp-content\/uploads\/2021\/10\/Musikfabrik-im-WDR-65.pdf\" target=\"_blank\" rel=\"noopener\">Musikfabrik im WDR 65 | Gegendarstellung<\/a><br \/>\nSonntag | 25. Februar 2018 | 20 Uhr<\/p>\n            <\/div>\r\n        <\/div>\r\n    <\/div>\r\n<\/div>\r\n<\/div><\/div><\/div><div class=\"accordion-panel\" data-panel-id=\"2017\">\n    <div class=\"accordion-headline\">\n        <div class=\"accordion-headline-inner\">\n            <h4>2017<span class=\"accordion-toggle-btn\"><\/span><\/h4>\n        <\/div>\n    <\/div>\n    <div class=\"accordion-content\">\n        <div class=\"accordion-content-inner\"><div class=\"ce ce-onecol \" >\r\n    <div class=\"container\">\r\n        <div class=\"row\">\r\n            <div class=\"col\">\r\n\t\t\t\t<p><a href=\"https:\/\/www.musikfabrik.eu\/wp-content\/uploads\/2021\/10\/Musikfabrik-im-WDR-64.pdf\" target=\"_blank\" rel=\"noopener\">Musikfabrik im WDR 64 | Lessons in Darkness<\/a><br \/>\nSonntag | 19. November 2017 | 20 Uhr<\/p>\n<p><a href=\"https:\/\/www.musikfabrik.eu\/wp-content\/uploads\/2021\/10\/Musikfabrik-im-WDR-63.pdf\" target=\"_blank\" rel=\"noopener\">Musikfabrik im WDR 63 | Around the Bend<\/a><br \/>\nFreitag | 06. Oktober 2017 | 20 Uhr<\/p>\n<p><a href=\"https:\/\/www.musikfabrik.eu\/wp-content\/uploads\/2021\/10\/Musikfabrik-im-WDR-62.pdf\" target=\"_blank\" rel=\"noopener\">Musikfabrik im WDR 62 | In the Frame<\/a><br \/>\nSamstag | 20. Mai 2017 | 20 Uhr<\/p>\n<p><a href=\"https:\/\/www.musikfabrik.eu\/wp-content\/uploads\/2021\/10\/Musikfabrik-im-WDR-61.pdf\" target=\"_blank\" rel=\"noopener\">Musikfabrik im WDR 61 | Soliloque D\u00e9cortiqu\u00e9<\/a><br \/>\nSonntag | 19. M\u00e4rz 2017 | 20 Uhr<\/p>\n            <\/div>\r\n        <\/div>\r\n    <\/div>\r\n<\/div>\r\n<\/div><\/div><\/div><div class=\"accordion-panel\" data-panel-id=\"2016\">\n    <div class=\"accordion-headline\">\n        <div class=\"accordion-headline-inner\">\n            <h4>2016<span class=\"accordion-toggle-btn\"><\/span><\/h4>\n        <\/div>\n    <\/div>\n    <div class=\"accordion-content\">\n        <div class=\"accordion-content-inner\"><div class=\"ce ce-onecol \" >\r\n    <div class=\"container\">\r\n        <div class=\"row\">\r\n            <div class=\"col\">\r\n\t\t\t\t<p><a href=\"https:\/\/www.musikfabrik.eu\/wp-content\/uploads\/2021\/10\/MusikFabrik-im-WDR-60.pdf\" target=\"_blank\" rel=\"noopener\">Musikfabrik im WDR 60 | Self-Portrait IV<\/a><br \/>\nDienstag | 18. Oktober 2016 | 18 Uhr<\/p>\n<p><a href=\"https:\/\/www.musikfabrik.eu\/wp-content\/uploads\/2021\/10\/Musikfabrik-im-WDR-59.pdf\" target=\"_blank\" rel=\"noopener\">Musikfabrik im WDR 59 | Self-Portrait I<\/a><br \/>\nMontag | 22. August 2016 | 20 Uhr<\/p>\n<p><a href=\"https:\/\/www.musikfabrik.eu\/wp-content\/uploads\/2021\/10\/Musikfabrik-im-WDR-58.pdf\" target=\"_blank\" rel=\"noopener\">Musikfabrik im WDR 58 | Glasbau<\/a><br \/>\nSamstag | 04. Juni 2016 | 20 Uhr<\/p>\n<p><a href=\"https:\/\/www.musikfabrik.eu\/wp-content\/uploads\/2021\/10\/Musikfabrik-im-WDR-57.pdf\" target=\"_blank\" rel=\"noopener\">Musikfabrik im WDR 57 | Messages<\/a><br \/>\nSamstag | 27. Februar 2016 | 20 Uhr<\/p>\n            <\/div>\r\n        <\/div>\r\n    <\/div>\r\n<\/div>\r\n<\/div><\/div><\/div><div class=\"accordion-panel\" data-panel-id=\"2015\">\n    <div class=\"accordion-headline\">\n        <div class=\"accordion-headline-inner\">\n            <h4>2015<span class=\"accordion-toggle-btn\"><\/span><\/h4>\n        <\/div>\n    <\/div>\n    <div class=\"accordion-content\">\n        <div class=\"accordion-content-inner\"><div class=\"ce ce-onecol \" >\r\n    <div class=\"container\">\r\n        <div class=\"row\">\r\n            <div class=\"col\">\r\n\t\t\t\t<p><a href=\"https:\/\/www.musikfabrik.eu\/wp-content\/uploads\/2021\/10\/Musikfabrik-im-WDR-56.pdf\" target=\"_blank\" rel=\"noopener\">Musikfabrik im WDR 56 | pitch 43_tuning the cosmos<\/a><br \/>\nSonntag | 11. Oktober 2015 | 20 Uhr<\/p>\n<p><a href=\"https:\/\/www.musikfabrik.eu\/wp-content\/uploads\/2021\/10\/Musikfabrik-im-WDR-55.pdf\" target=\"_blank\" rel=\"noopener\">Musikfabrik im WDR 55 | No Exit<\/a><br \/>\nSonntag | 16. August 2015 | 20 Uhr<\/p>\n<p><a href=\"https:\/\/www.musikfabrik.eu\/wp-content\/uploads\/2021\/10\/Musikfabrik-im-WDR-54.pdf\" target=\"_blank\" rel=\"noopener\">Musikfabrik im WDR | 54 | Naturelemente<\/a><br \/>\nSamstag | 20. Juni 2015 | 20 Uhr<\/p>\n<p><a href=\"https:\/\/www.musikfabrik.eu\/wp-content\/uploads\/2021\/10\/Musikfabrik-im-WDR-53.pdf\" target=\"_blank\" rel=\"noopener\">Musikfabrik im WDR | 53 | Da Capo<\/a><br \/>\nSonntag | 19. April 2015 | 20 Uhr<\/p>\n            <\/div>\r\n        <\/div>\r\n    <\/div>\r\n<\/div>\r\n<\/div><\/div><\/div><div class=\"accordion-panel\" data-panel-id=\"2014\">\n    <div class=\"accordion-headline\">\n        <div class=\"accordion-headline-inner\">\n            <h4>2014<span class=\"accordion-toggle-btn\"><\/span><\/h4>\n        <\/div>\n    <\/div>\n    <div class=\"accordion-content\">\n        <div class=\"accordion-content-inner\"><div class=\"ce ce-onecol \" >\r\n    <div class=\"container\">\r\n        <div class=\"row\">\r\n            <div class=\"col\">\r\n\t\t\t\t<p><a href=\"https:\/\/www.musikfabrik.eu\/wp-content\/uploads\/2021\/10\/Musikfabrik-im-WDR-52.pdf\" target=\"_blank\" rel=\"noopener\">Musikfabrik im WDR | 52 | Krazy Kat<\/a><br \/>\nSonntag | 16. November 2014 | 20 Uhr<\/p>\n<p><a href=\"https:\/\/www.musikfabrik.eu\/wp-content\/uploads\/2021\/10\/Musikfabrik-im-WDR-51.pdf\" target=\"_blank\" rel=\"noopener\">Musikfabrik im WDR | 51 | Atthis<\/a><br \/>\nSamstag | 23. Juni 2014 | 20 Uhr<\/p>\n<p><a href=\"https:\/\/www.musikfabrik.eu\/wp-content\/uploads\/2021\/10\/musikFabrik-im-WDR-50.pdf\" target=\"_blank\" rel=\"noopener\">Musikfabrik im WDR | 50 | Jubil\u00e4um<\/a><br \/>\nSamstag | 7. Juni 2014 | 20 Uhr<\/p>\n<p>Musikfabrik im WDR | 49 | <a href=\"https:\/\/www.musikfabrik.eu\/wp-content\/uploads\/2021\/10\/musikFabrik-im-WDR-49.pdf\" target=\"_blank\" rel=\"noopener\">Antag\u00f4nisme Control\u00e9<\/a><br \/>\nSonntag | 6. April 2014 | 20 Uhr<\/p>\n            <\/div>\r\n        <\/div>\r\n    <\/div>\r\n<\/div>\r\n<\/div><\/div><\/div><div class=\"accordion-panel\" data-panel-id=\"2013\">\n    <div class=\"accordion-headline\">\n        <div class=\"accordion-headline-inner\">\n            <h4>2013<span class=\"accordion-toggle-btn\"><\/span><\/h4>\n        <\/div>\n    <\/div>\n    <div class=\"accordion-content\">\n        <div class=\"accordion-content-inner\"><div class=\"ce ce-onecol \" >\r\n    <div class=\"container\">\r\n        <div class=\"row\">\r\n            <div class=\"col\">\r\n\t\t\t\t<p><a href=\"https:\/\/www.musikfabrik.eu\/wp-content\/uploads\/2021\/10\/musikFabrik-im-WDR-48.pdf\" target=\"_blank\" rel=\"noopener\">Musikfabrik im WDR | 48 | Kammersymphonie<\/a><br \/>\nSonntag | 1. Dezember 2013 | 20 Uhr<\/p>\n<p><a href=\"https:\/\/www.musikfabrik.eu\/wp-content\/uploads\/2021\/10\/musikfabrik-im-wdr-47.pdf\" target=\"_blank\" rel=\"noopener\">Musikfabrik im WDR | 47 | Registre des Lumi\u00e8res<\/a><br \/>\nDonnerstag | 24. Oktober 2013 | 20 Uhr<\/p>\n<p><a href=\"https:\/\/www.musikfabrik.eu\/wp-content\/uploads\/2021\/10\/musikFabrik-im-WDR-46.pdf\" target=\"_blank\" rel=\"noopener\">Musikfabrik im WDR | 46 | Coyote Blues<\/a><br \/>\nSonntag | 9. Juni 2013 | 20 Uhr<\/p>\n<p><a href=\"https:\/\/www.musikfabrik.eu\/wp-content\/uploads\/2021\/10\/musikFabrik-im-WDR-45.pdf\" target=\"_blank\" rel=\"noopener\">Musikfabrik im WDR | 45 | Stimmungsbarometer<\/a><br \/>\nSonntag | 17. M\u00e4rz 2013 | 20 Uhr<\/p>\n            <\/div>\r\n        <\/div>\r\n    <\/div>\r\n<\/div>\r\n<\/div><\/div><\/div><div class=\"accordion-panel\" data-panel-id=\"2012\">\n    <div class=\"accordion-headline\">\n        <div class=\"accordion-headline-inner\">\n            <h4>2012<span class=\"accordion-toggle-btn\"><\/span><\/h4>\n        <\/div>\n    <\/div>\n    <div class=\"accordion-content\">\n        <div class=\"accordion-content-inner\"><div class=\"ce ce-onecol \" >\r\n    <div class=\"container\">\r\n        <div class=\"row\">\r\n            <div class=\"col\">\r\n\t\t\t\t<p><a href=\"https:\/\/www.musikfabrik.eu\/wp-content\/uploads\/2021\/10\/musikFabrik-im-WDR-44.pdf\" target=\"_blank\" rel=\"noopener\">Musikfabrik im WDR | 44 | Zwei Gef\u00fchle<\/a><br \/>\nMittwoch | 5. Dezember 2012 | 20 Uhr<\/p>\n<p><a href=\"https:\/\/www.musikfabrik.eu\/wp-content\/uploads\/2021\/10\/musikFabrik-im-WDR-43.pdf\" target=\"_blank\" rel=\"noopener\">Musikfabrik im WDR | 43 | Finis Terrae<\/a><br \/>\nSamstag | 24. November 2012 | 20 Uhr<\/p>\n<p><a href=\"https:\/\/www.musikfabrik.eu\/wp-content\/uploads\/2021\/10\/musikFabrik-im-WDR-42.pdf\" target=\"_blank\" rel=\"noopener\">Musikfabrik im WDR | 42 | Farbenmaschinen<\/a><br \/>\nSamstag | 30. Juni 2012 | 20 Uhr<\/p>\n<p><a href=\"https:\/\/www.musikfabrik.eu\/wp-content\/uploads\/2021\/10\/musikFabrik-im-WDR-41.pdf\" target=\"_blank\" rel=\"noopener\">Musikfabrik im WDR | 41 | Blackjack<\/a><br \/>\nSamstag | 21. Januar 2012 | 20 Uhr<\/p>\n            <\/div>\r\n        <\/div>\r\n    <\/div>\r\n<\/div>\r\n<\/div><\/div><\/div><div class=\"accordion-panel\" data-panel-id=\"2011\">\n    <div class=\"accordion-headline\">\n        <div class=\"accordion-headline-inner\">\n            <h4>2011<span class=\"accordion-toggle-btn\"><\/span><\/h4>\n        <\/div>\n    <\/div>\n    <div class=\"accordion-content\">\n        <div class=\"accordion-content-inner\"><div class=\"ce ce-onecol \" >\r\n    <div class=\"container\">\r\n        <div class=\"row\">\r\n            <div class=\"col\">\r\n\t\t\t\t<p><a href=\"https:\/\/www.musikfabrik.eu\/wp-content\/uploads\/2021\/10\/musikFabrik-im-WDR-40.pdf\" target=\"_blank\" rel=\"noopener\">Musikfabrik im WDR | 40 | Puppe\/Tulpe<\/a><br \/>\nSamstag | 19. November 2011 | 20 Uhr<\/p>\n<p><a href=\"https:\/\/www.musikfabrik.eu\/wp-content\/uploads\/2021\/10\/musikFabrik-im-WDR-39.pdf\" target=\"_blank\" rel=\"noopener\">Musikfabrik im WDR | 39 | Little Smile<\/a><br \/>\nDienstag | 25. Oktober 2011 | 20 Uhr<\/p>\n<p><a href=\"https:\/\/www.musikfabrik.eu\/wp-content\/uploads\/2021\/10\/musikFabrik-im-WDR-38.pdf\" target=\"_blank\" rel=\"noopener\">Musikfabrik im WDR | 38 | Happy Birthday<\/a><br \/>\nSamstag | 25. Juni 2011 | 20 Uhr<\/p>\n<p><a href=\"https:\/\/www.musikfabrik.eu\/wp-content\/uploads\/2021\/10\/musikFabrik-im-WDR-37.pdf\" target=\"_blank\" rel=\"noopener\">Musikfabrik im WDR | 37 | Exotique<\/a><br \/>\nSamstag | 15. Januar 2011 | 20 Uhr<\/p>\n            <\/div>\r\n        <\/div>\r\n    <\/div>\r\n<\/div>\r\n<\/div><\/div><\/div><div class=\"accordion-panel\" data-panel-id=\"2010\">\n    <div class=\"accordion-headline\">\n        <div class=\"accordion-headline-inner\">\n            <h4>2010<span class=\"accordion-toggle-btn\"><\/span><\/h4>\n        <\/div>\n    <\/div>\n    <div class=\"accordion-content\">\n        <div class=\"accordion-content-inner\"><div class=\"ce ce-onecol \" >\r\n    <div class=\"container\">\r\n        <div class=\"row\">\r\n            <div class=\"col\">\r\n\t\t\t\t<p><a href=\"https:\/\/www.musikfabrik.eu\/wp-content\/uploads\/2021\/10\/musikFabrik-im-WDR-36.pdf\" target=\"_blank\" rel=\"noopener\">Musikfabrik im WDR | 36 | Ger\u00e4usch &amp; Gesang<\/a><br \/>\nSonntag | 24. Oktober 2010 | 20 Uhr<\/p>\n<p><a href=\"https:\/\/www.musikfabrik.eu\/wp-content\/uploads\/2021\/10\/musikFabrik-im-WDR-35.pdf\" target=\"_blank\" rel=\"noopener\">Musikfabrik im WDR | 35 | Erscheinungen<\/a><br \/>\nSamstag | 18. September 2010 | 20 Uhr<\/p>\n<p><a href=\"https:\/\/www.musikfabrik.eu\/wp-content\/uploads\/2021\/10\/musikFabrik-im-WDR-34.pdf\" target=\"_blank\" rel=\"noopener\">Musikfabrik im WDR | 34 | Saariaho<\/a><br \/>\nSonntag | 20. Juni 2010 | 20 Uhr<\/p>\n<p><a href=\"https:\/\/www.musikfabrik.eu\/wp-content\/uploads\/2021\/10\/musikFabrik-im-WDR-33.pdf\" target=\"_blank\" rel=\"noopener\">Musikfabrik im WDR | 33 | memory<\/a><br \/>\nSamstag | 27. Februar 2010 | 20 Uhr<\/p>\n<p><a href=\"https:\/\/www.musikfabrik.eu\/wp-content\/uploads\/2021\/10\/musikFabrik-im-WDR-32.pdf\" target=\"_blank\" rel=\"noopener\">Musikfabrik im WDR | 32 | Die Enth\u00fcllung<\/a><br \/>\nSamstag | 9. Januar 2010 | 20 Uhr<\/p>\n            <\/div>\r\n        <\/div>\r\n    <\/div>\r\n<\/div>\r\n<\/div><\/div><\/div><div class=\"accordion-panel\" data-panel-id=\"2009\">\n    <div class=\"accordion-headline\">\n        <div class=\"accordion-headline-inner\">\n            <h4>2009<span class=\"accordion-toggle-btn\"><\/span><\/h4>\n        <\/div>\n    <\/div>\n    <div class=\"accordion-content\">\n        <div class=\"accordion-content-inner\"><div class=\"ce ce-onecol \" >\r\n    <div class=\"container\">\r\n        <div class=\"row\">\r\n            <div class=\"col\">\r\n\t\t\t\t<p><a href=\"https:\/\/www.musikfabrik.eu\/wp-content\/uploads\/2021\/10\/musikFabrik-im-WDR-31.pdf\" target=\"_blank\" rel=\"noopener\">Musikfabrik im WDR 31 | Tiere sitzen nicht<\/a><br \/>\nSonntag | 22. November 2009 | 20 Uhr<\/p>\n<p><a href=\"https:\/\/www.musikfabrik.eu\/wp-content\/uploads\/2021\/10\/musikFabrik-im-WDR-30.pdf\" target=\"_blank\" rel=\"noopener\">Musikfabrik im WDR | 30 | yes and no<\/a><br \/>\nSamstag | 22. August 2009 | 20 Uhr<\/p>\n<p><a href=\"https:\/\/www.musikfabrik.eu\/wp-content\/uploads\/2021\/10\/musikFabrik-im-WDR-29.pdf\" target=\"_blank\" rel=\"noopener\">Musikfabrik im WDR | 29 | Haas \/ Jarrell \/ Winkelman<\/a><br \/>\nSonntag | 3. Mai 2009 | 20 Uhr<\/p>\n<p><a href=\"https:\/\/www.musikfabrik.eu\/wp-content\/uploads\/2021\/10\/musikFabrik-im-WDR-28.pdf\" target=\"_blank\" rel=\"noopener\">Musikfabrik im WDR | 28 | Schwankende Zeit<\/a><br \/>\nFreitag | 27. Februar 2009 | 20 Uhr<\/p>\n<p><a href=\"https:\/\/www.musikfabrik.eu\/wp-content\/uploads\/2021\/10\/musikFabrik-im-WDR-27.pdf\" target=\"_blank\" rel=\"noopener\">Musikfabrik im WDR | 27 | Scherben<\/a><br \/>\nFreitag | 09. Januar 2009 | 20 Uhr<\/p>\n            <\/div>\r\n        <\/div>\r\n    <\/div>\r\n<\/div>\r\n<\/div><\/div><\/div><div class=\"accordion-panel\" data-panel-id=\"2008\">\n    <div class=\"accordion-headline\">\n        <div class=\"accordion-headline-inner\">\n            <h4>2008<span class=\"accordion-toggle-btn\"><\/span><\/h4>\n        <\/div>\n    <\/div>\n    <div class=\"accordion-content\">\n        <div class=\"accordion-content-inner\"><div class=\"ce ce-onecol \" >\r\n    <div class=\"container\">\r\n        <div class=\"row\">\r\n            <div class=\"col\">\r\n\t\t\t\t<p><a href=\"https:\/\/www.musikfabrik.eu\/wp-content\/uploads\/2021\/10\/musikFabrik-im-WDR-26.pdf\" target=\"_blank\" rel=\"noopener\">Musikfabrik im WDR | 26 | miramondo multiplo<\/a><br \/>\nSonntag | 19. Oktober 2008 | 20 Uhr<\/p>\n<p><a href=\"https:\/\/www.musikfabrik.eu\/wp-content\/uploads\/2021\/10\/musikFabrik-im-WDR-25.pdf\" target=\"_blank\" rel=\"noopener\">Musikfabrik im WDR | 25 | Hoffnung<\/a><br \/>\nSonntag | 31. August 2008 | 20 Uhr<\/p>\n<p><a href=\"https:\/\/www.musikfabrik.eu\/wp-content\/uploads\/2021\/10\/musikFabrik-im-WDR-24.pdf\" target=\"_blank\" rel=\"noopener\">Musikfabrik im WDR | 24 | quaderni italiani<\/a><br \/>\nSonntag | 25. Mai 2008 | 20 Uhr<\/p>\n<p><a href=\"https:\/\/www.musikfabrik.eu\/wp-content\/uploads\/2021\/10\/musikFabrik-im-WDR-23.pdf\" target=\"_blank\" rel=\"noopener\">Musikfabrik im WDR | 23 | Hommage \u00e0 Klaus Nomi<\/a><br \/>\nDonnerstag | 20. M\u00e4rz 2008 | 20 Uhr<\/p>\n<p><a href=\"https:\/\/www.musikfabrik.eu\/wp-content\/uploads\/2021\/10\/musikFabrik-im-WDR-22.pdf\" target=\"_blank\" rel=\"noopener\">Musikfabrik im WDR | 22 | H\u00f6rachsen<\/a><br \/>\nFreitag | 8. Februar 2008 | 20 Uhr<\/p>\n            <\/div>\r\n        <\/div>\r\n    <\/div>\r\n<\/div>\r\n<\/div><\/div><\/div><div class=\"accordion-panel\" data-panel-id=\"2007\">\n    <div class=\"accordion-headline\">\n        <div class=\"accordion-headline-inner\">\n            <h4>2007<span class=\"accordion-toggle-btn\"><\/span><\/h4>\n        <\/div>\n    <\/div>\n    <div class=\"accordion-content\">\n        <div class=\"accordion-content-inner\"><div class=\"ce ce-onecol \" >\r\n    <div class=\"container\">\r\n        <div class=\"row\">\r\n            <div class=\"col\">\r\n\t\t\t\t<p><a href=\"https:\/\/www.musikfabrik.eu\/wp-content\/uploads\/2021\/10\/musikFabrik-im-WDR-21.pdf\" target=\"_blank\" rel=\"noopener\">Musikfabrik im WDR | 21 | far niente<\/a><br \/>\nFreitag | 23. November 2007 | 20 Uhr<\/p>\n<p><a href=\"https:\/\/www.musikfabrik.eu\/wp-content\/uploads\/2021\/10\/musikFabrik-im-WDR-20.pdf\" target=\"_blank\" rel=\"noopener\">Musikfabrik im WDR | 20 | Solitaires<\/a><br \/>\nSamstag | 18. August 2007 | 20 Uhr<\/p>\n<p><a href=\"https:\/\/www.musikfabrik.eu\/wp-content\/uploads\/2021\/10\/musikFabrik-im-WDR-19.pdf\" target=\"_blank\" rel=\"noopener\">Musikfabrik im WDR | 19 | Games<\/a><br \/>\nMontag | 28. Mai 2007 | 20 Uhr<\/p>\n<p><a href=\"https:\/\/www.musikfabrik.eu\/wp-content\/uploads\/2021\/10\/musikFabrik-im-WDR-18.pdf\" target=\"_blank\" rel=\"noopener\">Musikfabrik im WDR | 18 | Harvey | Saariaho<\/a><br \/>\nSonntag | 15. April 2007 | 20 Uhr<\/p>\n<p><a href=\"https:\/\/www.musikfabrik.eu\/wp-content\/uploads\/2021\/10\/musikFabrik-im-WDR-17.pdf\" target=\"_blank\" rel=\"noopener\">Musikfabrik im WDR | 17 | Dialoge<\/a><br \/>\nSonntag | 11. Februar 2007 | 20 Uhr<\/p>\n            <\/div>\r\n        <\/div>\r\n    <\/div>\r\n<\/div>\r\n<\/div><\/div><\/div><div class=\"accordion-panel\" data-panel-id=\"2006\">\n    <div class=\"accordion-headline\">\n        <div class=\"accordion-headline-inner\">\n            <h4>2006<span class=\"accordion-toggle-btn\"><\/span><\/h4>\n        <\/div>\n    <\/div>\n    <div class=\"accordion-content\">\n        <div class=\"accordion-content-inner\"><div class=\"ce ce-onecol \" >\r\n    <div class=\"container\">\r\n        <div class=\"row\">\r\n            <div class=\"col\">\r\n\t\t\t\t<p><a href=\"https:\/\/www.musikfabrik.eu\/wp-content\/uploads\/2021\/10\/musikFabrik-im-WDR-16.pdf\" target=\"_blank\" rel=\"noopener\">Musikfabrik im WDR | 16 | Vigilia<\/a><br \/>\nFreitag | 13. Oktober 2006 | 20 Uhr<\/p>\n<p><a href=\"https:\/\/www.musikfabrik.eu\/wp-content\/uploads\/2021\/10\/musikFabrik-im-WDR-15.pdf\" target=\"_blank\" rel=\"noopener\">Musikfabrik im WDR | 15 | 15 Jahre musikFabrik<\/a><br \/>\nSonntag | 27. August 2006 | 20 Uhr<\/p>\n<p><a href=\"https:\/\/www.musikfabrik.eu\/wp-content\/uploads\/2021\/10\/musikFabrik-im-WDR-14.pdf\" target=\"_blank\" rel=\"noopener\">Musikfabrik im WDR | 14 | a visible trace<\/a><br \/>\nFreitag | 7. Juli 2006 | 20 Uhr<\/p>\n<p><a href=\"https:\/\/www.musikfabrik.eu\/wp-content\/uploads\/2021\/10\/musikFabrik-im-WDR-13.pdf\" target=\"_blank\" rel=\"noopener\">Musikfabrik im WDR | 13 | Voyage VIII<\/a><br \/>\nSamstag | 27. Mai 2006 | 20 Uhr<\/p>\n<p><a href=\"https:\/\/www.musikfabrik.eu\/wp-content\/uploads\/2021\/10\/musikFabrik-im-WDR-12k.pdf\" target=\"_blank\" rel=\"noopener\">Musikfabrik im WDR | 12 | Sextour \u00e0 clavier<\/a><br \/>\nFreitag | 3. M\u00e4rz 2006 | 20 Uhr<\/p>\n            <\/div>\r\n        <\/div>\r\n    <\/div>\r\n<\/div>\r\n<\/div><\/div><\/div><div class=\"accordion-panel\" data-panel-id=\"2005\">\n    <div class=\"accordion-headline\">\n        <div class=\"accordion-headline-inner\">\n            <h4>2005<span class=\"accordion-toggle-btn\"><\/span><\/h4>\n        <\/div>\n    <\/div>\n    <div class=\"accordion-content\">\n        <div class=\"accordion-content-inner\"><div class=\"ce ce-onecol \" >\r\n    <div class=\"container\">\r\n        <div class=\"row\">\r\n            <div class=\"col\">\r\n\t\t\t\t<p><a href=\"https:\/\/www.musikfabrik.eu\/wp-content\/uploads\/2021\/10\/musikFabrik-im-WDR-11k.pdf\" target=\"_blank\" rel=\"noopener\">Musikfabrik im WDR | 11 | Trame VII<\/a><br \/>\nSonntag | 6. November 2005 | 20 Uhr<\/p>\n<p><a href=\"https:\/\/www.musikfabrik.eu\/wp-content\/uploads\/2021\/10\/musikFabrik-im-WDR-10.pdf\" target=\"_blank\" rel=\"noopener\">Musikfabrik im WDR | 10 | Chessed I<\/a><br \/>\nSamstag | 27. August 2005 | 20 Uhr<\/p>\n<p><a href=\"https:\/\/www.musikfabrik.eu\/wp-content\/uploads\/2021\/10\/musikFabrik-im-WDR-09.pdf\" target=\"_blank\" rel=\"noopener\">Musikfabrik im WDR | 9 | Cantatrix Sopranica<\/a><br \/>\nSonntag | 22. Mai 2005 | 20 Uhr<\/p>\n<p><a href=\"https:\/\/www.musikfabrik.eu\/wp-content\/uploads\/2021\/10\/musikFabrik-im-WDR-08.pdf\" target=\"_blank\" rel=\"noopener\">Musikfabrik im WDR | 8 | recitativo<\/a><br \/>\nSonntag | 3. April 2005 | 20 Uhr<\/p>\n<p><a href=\"https:\/\/www.musikfabrik.eu\/wp-content\/uploads\/2021\/10\/musikFabrik-im-WDR-07.pdf\" target=\"_blank\" rel=\"noopener\">Musikfabrik im WDR | 7 | Shelter<\/a><br \/>\nFreitag | 18. M\u00e4rz 2005 | 20 Uhr<\/p>\n            <\/div>\r\n        <\/div>\r\n    <\/div>\r\n<\/div>\r\n<\/div><\/div><\/div><div class=\"accordion-panel\" data-panel-id=\"2004\">\n    <div class=\"accordion-headline\">\n        <div class=\"accordion-headline-inner\">\n            <h4>2004<span class=\"accordion-toggle-btn\"><\/span><\/h4>\n        <\/div>\n    <\/div>\n    <div class=\"accordion-content\">\n        <div class=\"accordion-content-inner\"><div class=\"ce ce-onecol \" >\r\n    <div class=\"container\">\r\n        <div class=\"row\">\r\n            <div class=\"col\">\r\n\t\t\t\t<p><a href=\"https:\/\/www.musikfabrik.eu\/wp-content\/uploads\/2021\/10\/musikFabrik-im-WDR-06.pdf\" target=\"_blank\" rel=\"noopener\">Musikfabrik im WDR | 6 | Racconto dall&#8217;Inferno<\/a><br \/>\nSamstag | 24. Oktober 2004 | 20 Uhr<\/p>\n<p><a href=\"https:\/\/www.musikfabrik.eu\/wp-content\/uploads\/2021\/10\/musikFabrik-im-WDR-05.pdf\" target=\"_blank\" rel=\"noopener\">Musikfabrik im WDR | 5 | Ombre\/Miroir<\/a><br \/>\nSonntag | 19. September 2004 | 20 Uhr<\/p>\n<p><a href=\"https:\/\/www.musikfabrik.eu\/wp-content\/uploads\/2021\/10\/musikFabrik-im-WDR-04.pdf\" target=\"_blank\" rel=\"noopener\">Musikfabrik im WDR | 4 | Rebus<\/a><br \/>\nSonntag | 27. Juni 2004 | 20 Uhr<\/p>\n<p><a href=\"https:\/\/www.musikfabrik.eu\/wp-content\/uploads\/2021\/10\/musikFabrik-im-WDR-03.pdf\">Musikfabrik im WDR | 3 | Nora<\/a><br \/>\nSonntag | 23. Mai 2004 | 20 Uhr<\/p>\n<p><a href=\"https:\/\/www.musikfabrik.eu\/wp-content\/uploads\/2021\/10\/musikFabrik-im-WDR-02.pdf\" target=\"_blank\" rel=\"noopener\">Musikfabrik im WDR | 2 | Chiffre-Zyklus<\/a><br \/>\nSonntag | 14. M\u00e4rz 2004| 20 Uhr<\/p>\n            <\/div>\r\n        <\/div>\r\n    <\/div>\r\n<\/div>\r\n<\/div><\/div><\/div><div class=\"accordion-panel\" data-panel-id=\"2003\">\n    <div class=\"accordion-headline\">\n        <div class=\"accordion-headline-inner\">\n            <h4>2003<span class=\"accordion-toggle-btn\"><\/span><\/h4>\n        <\/div>\n    <\/div>\n    <div class=\"accordion-content\">\n        <div class=\"accordion-content-inner\"><div class=\"ce ce-twocol fullwidth\" >\r\n    <div class=\"container\">\r\n        <div class=\"row\">\r\n            <div class=\"col col-custom-1\">\r\n\t\t\t\t<p><a href=\"https:\/\/www.musikfabrik.eu\/wp-content\/uploads\/2021\/10\/musikFabrik-im-WDR-01.pdf\" target=\"_blank\" rel=\"noopener\">Musikfabrik im WDR | 1 | Chalan<\/a><br \/>\nMittwoch | 3. Dezember 2003 | 20 Uhr<\/p>\n            <\/div>\r\n            <div class=\"col col-custom-2\">\r\n\t\t\t\t            <\/div>\r\n        <\/div>\r\n    <\/div>\r\n<\/div>\r\n<\/div><\/div><\/div><\/div><\/div><\/div><\/div><\/div>","protected":false},"excerpt":{"rendered":"<p>Musikfabrik im WDR Seit 2003 veranstaltet das Ensemble Musikfabrik seine eigene Urauff\u00fchrungsreihe im WDR. Mit dieser Konzertreihe entwickelt es \u2013 h\u00e4ufig in enger Zusammenarbeit mit den Komponisten, an die es die Auftr\u00e4ge vergibt \u2013 seinen k\u00fcnstlerischen Ausdruck weiter, der sich von Raumkompositionen wie beispielsweise Rebecca Saunders Stasis \u00fcber die Einbindung elektronischer Musik wie bei Michel [&hellip;]<\/p>\n","protected":false},"author":1,"featured_media":0,"parent":70,"menu_order":0,"comment_status":"closed","ping_status":"closed","template":"","meta":{"_acf_changed":false,"_relevanssi_hide_post":"","_relevanssi_hide_content":"","_relevanssi_pin_for_all":"","_relevanssi_pin_keywords":"","_relevanssi_unpin_keywords":"","_relevanssi_related_keywords":"","_relevanssi_related_include_ids":"","_relevanssi_related_exclude_ids":"","_relevanssi_related_no_append":"","_relevanssi_related_not_related":"","_relevanssi_related_posts":"","_relevanssi_noindex_reason":"","footnotes":""},"class_list":["post-88","page","type-page","status-publish","hentry"],"acf":[],"_links":{"self":[{"href":"https:\/\/www.musikfabrik.eu\/de\/wp-json\/wp\/v2\/pages\/88","targetHints":{"allow":["GET"]}}],"collection":[{"href":"https:\/\/www.musikfabrik.eu\/de\/wp-json\/wp\/v2\/pages"}],"about":[{"href":"https:\/\/www.musikfabrik.eu\/de\/wp-json\/wp\/v2\/types\/page"}],"author":[{"embeddable":true,"href":"https:\/\/www.musikfabrik.eu\/de\/wp-json\/wp\/v2\/users\/1"}],"replies":[{"embeddable":true,"href":"https:\/\/www.musikfabrik.eu\/de\/wp-json\/wp\/v2\/comments?post=88"}],"version-history":[{"count":44,"href":"https:\/\/www.musikfabrik.eu\/de\/wp-json\/wp\/v2\/pages\/88\/revisions"}],"predecessor-version":[{"id":16116,"href":"https:\/\/www.musikfabrik.eu\/de\/wp-json\/wp\/v2\/pages\/88\/revisions\/16116"}],"up":[{"embeddable":true,"href":"https:\/\/www.musikfabrik.eu\/de\/wp-json\/wp\/v2\/pages\/70"}],"wp:attachment":[{"href":"https:\/\/www.musikfabrik.eu\/de\/wp-json\/wp\/v2\/media?parent=88"}],"curies":[{"name":"wp","href":"https:\/\/api.w.org\/{rel}","templated":true}]}}